{"id":2027,"date":"2022-08-23T09:13:32","date_gmt":"2022-08-23T09:13:32","guid":{"rendered":"https:\/\/fa-maik.com\/storitve\/lagerlogistik\/"},"modified":"2023-08-31T10:47:14","modified_gmt":"2023-08-31T10:47:14","slug":"lagerlogistik","status":"publish","type":"storitve","link":"https:\/\/fa-maik.com\/de\/storitve\/lagerlogistik\/","title":{"rendered":"Lagerlogistik"},"content":{"rendered":"\n<div class=\"wp-block-group padd-0\"><div class=\"wp-block-group__inner-container is-layout-flow wp-block-group-is-layout-flow\">\n<div class=\"wp-block-columns sm-gap-0 mb-0 md-gap-4 is-layout-flex wp-container-core-columns-is-layout-9d6595d7 wp-block-columns-is-layout-flex\">\n<div class=\"wp-block-column pt-5 sm-pb-5 relative sm-pt-4 is-layout-flow wp-block-column-is-layout-flow\" style=\"flex-basis:33%\"><h1 class=\"wp-block-post-title\">Lagerlogistik<\/h1>\n\n\n<p><strong>An zwei Standorten in Maribor (SI) und Zagreb (HR) verf\u00fcgen wir \u00fcber insgesamt 60.000 Palettenpl\u00e4tze f\u00fcr die Lagerung von Gefahrg\u00fctern und allgemeinen, nicht gef\u00e4hrlichen G\u00fctern.<\/strong><\/p>\n\n\n\n<p>Alle Lager werden durch ein hochmodernes Warehouse <strong>Management System (WMS<\/strong>) unterst\u00fctzt, das die Anbindung an die Informationssysteme der Gesch\u00e4ftspartner und eine transparente R\u00fcckverfolgbarkeit der Waren erm\u00f6glicht.<\/p>\n\n\n\n<p>Die Lagereinrichtungen werden gem\u00e4\u00df den Anforderungen der lokalen und internationalen Sicherheitsvorschriften und den von der Art der Waren und anderen Beh\u00f6rden geforderten Normen und \u00fcbergeordneten Standards eingerichtet.<\/p>\n\n\n\n<a href=\"https:\/\/fa-maik.com\/de\/kontakt\/\">\n<button class=\"btn abs-bot btn-small\">\n\t\t<span class=\"text\">Arbeiten Sie mit uns<\/span>\n\t\t<div class=\"icon-container\">\n\t\t\t<div class=\"icon icon--left\">\n\t\t\t\t<svg>\n\t\t\t\t\t<use xlink:href=\"#arrow-right\"><\/use>\n\t\t\t\t<\/svg>\n\t\t\t<\/div>\n\t\t\t<div class=\"icon icon--right\">\n\t\t\t\t<svg>\n\t\t\t\t\t<use xlink:href=\"#arrow-right\"><\/use>\n\t\t\t\t<\/svg>\n\t\t\t<\/div>\n\t\t<\/div>\n\t<\/button>\n\n<svg style=\"display: none;\">\n\t<symbol id=\"arrow-right\" viewbox=\"0 0 20 10\">\n\t\t<path d=\"M14.84 0l-1.08 1.06 3.3 3.2H0v1.49h17.05l-3.3 3.2L14.84 10 20 5l-5.16-5z\"><\/path>\n\t<\/symbol>\n<\/svg>\n<\/a>\n<\/div>\n\n\n\n<div class=\"wp-block-column half-image mb-0 relative b-orange is-layout-flow wp-block-column-is-layout-flow\" style=\"flex-basis:66.66%\">\n<figure class=\"wp-block-image alignfull size-large half-image mb-0\"><img loading=\"lazy\" decoding=\"async\" width=\"1024\" height=\"684\" src=\"https:\/\/fa-maik.com\/wp-content\/uploads\/2022\/09\/skladisce-1024x684.jpg\" alt=\"\" class=\"wp-image-1265\" title=\"\" srcset=\"https:\/\/fa-maik.com\/wp-content\/uploads\/2022\/09\/skladisce-1024x684.jpg 1024w, https:\/\/fa-maik.com\/wp-content\/uploads\/2022\/09\/skladisce-300x200.jpg 300w, https:\/\/fa-maik.com\/wp-content\/uploads\/2022\/09\/skladisce-768x513.jpg 768w, https:\/\/fa-maik.com\/wp-content\/uploads\/2022\/09\/skladisce-1536x1026.jpg 1536w, https:\/\/fa-maik.com\/wp-content\/uploads\/2022\/09\/skladisce.jpg 1920w\" sizes=\"auto, (max-width: 1024px) 100vw, 1024px\" \/><figcaption class=\"wp-element-caption\">Wir geh\u00f6ren zu den erfolgreichsten Logistikunternehmen, weil <strong>wir hochwertige Dienstleistungen erbringen<\/strong>,  <br\/><strong>Wir verbessern uns st\u00e4ndig <\/strong>und wissen, dass <strong>wir noch besser werden k\u00f6nnen.<\/strong><\/figcaption><\/figure>\n<\/div>\n<\/div>\n<\/div><\/div>\n\n<div class=\"wp-block-group ptb-7 padd-0\"><div class=\"wp-block-group__inner-container is-layout-flow wp-block-group-is-layout-flow\">\n<h2 class=\"wp-block-heading\">LAGER- UND VERTRIEBSZENTRUM<\/h2>\n\n\n\n<div class=\"wp-block-columns md-gap-3 sm-gap-0 is-layout-flex wp-container-core-columns-is-layout-9d6595d7 wp-block-columns-is-layout-flex\">\n<div class=\"wp-block-column is-layout-flow wp-block-column-is-layout-flow\">\n<ul class=\"list wp-block-list\">\n<li>60.000 m\u00b2 Lagerfl\u00e4che<\/li>\n\n\n\n<li>Lagerkapazit\u00e4t von 60.000 Palettenpl\u00e4tzen<\/li>\n\n\n\n<li>12 m Hochregallager<\/li>\n\n\n\n<li>ein eigener Raum f\u00fcr den Versand von Waren<\/li>\n\n\n\n<li>Die Zufahrt f\u00fcr Lastkraftwagen zur Abholung von Waren ist mit Laderampen ausgestattet.<\/li>\n<\/ul>\n<\/div>\n\n\n\n<div class=\"wp-block-column is-layout-flow wp-block-column-is-layout-flow\">\n<ul class=\"list wp-block-list\">\n<li>Modernes Gefahrgutlager gem\u00e4\u00df der SEVESO-Umweltgenehmigung (die G\u00fcter werden gem\u00e4\u00df den gesetzlichen Bestimmungen nach Gruppen und Sektoren getrennt)<\/li>\n\n\n\n<li>automatische Brandmeldeanlage<br\/>(Feuermelder und Gasdetektoren)<\/li>\n\n\n\n<li>Stall Sprinkler Feuerl\u00f6schanlage<\/li>\n\n\n\n<li>Spezielle Epoxid-Bodenbeschichtungen entsprechend den Anforderungen des Sektors<\/li>\n\n\n\n<li>Auffangwannen und Abscheider zur Verhinderung der Freisetzung von gef\u00e4hrlichen und anderen Stoffen in die Umwelt (Abscheider, Fl\u00fcssigkeitssammelkan\u00e4le und automatische Schleusentore)<\/li>\n<\/ul>\n<\/div>\n\n\n\n<div class=\"wp-block-column is-layout-flow wp-block-column-is-layout-flow\">\n<ul class=\"list wp-block-list\">\n<li>Die R\u00e4ume sind temperaturgesteuert<\/li>\n\n\n\n<li>Sicherheitsdienste und Feuerwehr in Bereitschaft<\/li>\n\n\n\n<li>Moderne IT- und andere technische Unterst\u00fctzungssysteme, die eine transparente \u00dcberwachung der Waren und die R\u00fcckverfolgbarkeit der Best\u00e4nde erm\u00f6glichen<\/li>\n\n\n\n<li>Qualitativ hochwertige Intralogistikfahrzeuge und Hilfsmaschinen<\/li>\n<\/ul>\n<\/div>\n<\/div>\n\n\n\n<a href=\"https:\/\/fa-maik.larksoft.si\/Account\/Login?ReturnUrl=%2f\">\n<button class=\"btn align-right sm-center\">\n\t\t<span class=\"text\">Be- und Entladen von B\u00fcchern<\/span>\n\t\t<div class=\"icon-container\">\n\t\t\t<div class=\"icon icon--left\">\n\t\t\t\t<svg>\n\t\t\t\t\t<use xlink:href=\"#arrow-right\"><\/use>\n\t\t\t\t<\/svg>\n\t\t\t<\/div>\n\t\t\t<div class=\"icon icon--right\">\n\t\t\t\t<svg>\n\t\t\t\t\t<use xlink:href=\"#arrow-right\"><\/use>\n\t\t\t\t<\/svg>\n\t\t\t<\/div>\n\t\t<\/div>\n\t<\/button>\n\n<svg style=\"display: none;\">\n\t<symbol id=\"arrow-right\" viewbox=\"0 0 20 10\">\n\t\t<path d=\"M14.84 0l-1.08 1.06 3.3 3.2H0v1.49h17.05l-3.3 3.2L14.84 10 20 5l-5.16-5z\"><\/path>\n\t<\/symbol>\n<\/svg>\n<\/a>\n<\/div><\/div>\n\n<div class=\"wp-block-group padd-0 sm-pb-0\"><div class=\"wp-block-group__inner-container is-layout-flow wp-block-group-is-layout-flow\">\n<h2 class=\"wp-block-heading mb-5 sm-mb-1\">LAGERUNG VON GEF\u00c4HRLICHEN G\u00dcTERN <strong>ADR<\/strong><\/h2>\n\n\n\n<div class=\"wp-block-columns md-gap-3 is-layout-flex wp-container-core-columns-is-layout-9d6595d7 wp-block-columns-is-layout-flex\">\n<div class=\"wp-block-column is-layout-flow wp-block-column-is-layout-flow\">\n<div class=\"wp-block-columns md-gap-4 is-layout-flex wp-container-core-columns-is-layout-9d6595d7 wp-block-columns-is-layout-flex\">\n<div class=\"wp-block-column is-layout-flow wp-block-column-is-layout-flow\" style=\"flex-basis:33.33%\">\n<p>Die ADR-Lagerung und die Lagerung von allgemeinen, nicht gef\u00e4hrlichen G\u00fctern sind nach Gruppen und Sektoren gem\u00e4\u00df den gesetzlichen Bestimmungen getrennt.<\/p>\n\n\n\n<p>Unser Gefahrgutbeauftragter bietet fachkundige Unterst\u00fctzung bei der Lagerung, Handhabung und Bef\u00f6rderung von ADR-G\u00fctern.<\/p>\n<\/div>\n\n\n\n<div class=\"wp-block-column is-layout-flow wp-block-column-is-layout-flow\" style=\"flex-basis:66.66%\">\n<div class=\"wp-block-columns sm-gap-0 is-layout-flex wp-container-core-columns-is-layout-9d6595d7 wp-block-columns-is-layout-flex\">\n<div class=\"wp-block-column is-layout-flow wp-block-column-is-layout-flow\">\n<div class=\"wp-block-columns is-not-stacked-on-mobile gap-1 inset-1 has-background is-layout-flex wp-container-core-columns-is-layout-9d6595d7 wp-block-columns-is-layout-flex\" style=\"background-color:#f3f3f3\">\n<div class=\"wp-block-column is-layout-flow wp-block-column-is-layout-flow\" style=\"flex-basis:87px\">\n<figure class=\"wp-block-image size-full is-resized mb-0\"><img loading=\"lazy\" decoding=\"async\" src=\"https:\/\/www.fa-maik.com\/wp-content\/uploads\/2022\/08\/flammable.svg\" alt=\"\" class=\"wp-image-536\" style=\"width:150px;height:150px\" width=\"150\" height=\"150\"\/><\/figure>\n<\/div>\n\n\n\n<div class=\"wp-block-column is-vertically-aligned-center is-layout-flow wp-block-column-is-layout-flow\" style=\"flex-basis:66.66%\">\n<p class=\"mb-05\"><strong>ADR 2<\/strong><\/p>\n\n\n\n<p class=\"mb-0\">brennbare Gase, Aerosol<\/p>\n<\/div>\n<\/div>\n\n\n\n<div class=\"wp-block-columns is-not-stacked-on-mobile gap-1 inset-1 has-background is-layout-flex wp-container-core-columns-is-layout-9d6595d7 wp-block-columns-is-layout-flex\" style=\"background-color:#f3f3f3\">\n<div class=\"wp-block-column is-layout-flow wp-block-column-is-layout-flow\" style=\"flex-basis:87px\">\n<figure class=\"wp-block-image size-full is-resized mb-0\"><img loading=\"lazy\" decoding=\"async\" src=\"https:\/\/www.fa-maik.com\/wp-content\/uploads\/2022\/08\/flammable.svg\" alt=\"\" class=\"wp-image-536\" style=\"width:150px;height:150px\" width=\"150\" height=\"150\"\/><\/figure>\n<\/div>\n\n\n\n<div class=\"wp-block-column is-vertically-aligned-center is-layout-flow wp-block-column-is-layout-flow\" style=\"flex-basis:66.66%\">\n<p class=\"mb-05\"><strong>ADR 3<\/strong><\/p>\n\n\n\n<p class=\"mb-0\">entz\u00fcndliche, brennbare fl\u00fcssige Chemikalien<\/p>\n<\/div>\n<\/div>\n\n\n\n<div class=\"wp-block-columns is-not-stacked-on-mobile gap-1 inset-1 has-background is-layout-flex wp-container-core-columns-is-layout-9d6595d7 wp-block-columns-is-layout-flex\" style=\"background-color:#f3f3f3\">\n<div class=\"wp-block-column is-layout-flow wp-block-column-is-layout-flow\" style=\"flex-basis:87px\">\n<figure class=\"wp-block-image size-full is-resized mb-0\"><img loading=\"lazy\" decoding=\"async\" src=\"https:\/\/www.fa-maik.com\/wp-content\/uploads\/2022\/08\/oksidantne-snovi.svg\" alt=\"\" class=\"wp-image-539\" style=\"width:150px;height:150px\" width=\"150\" height=\"150\"\/><\/figure>\n<\/div>\n\n\n\n<div class=\"wp-block-column is-vertically-aligned-center is-layout-flow wp-block-column-is-layout-flow\" style=\"flex-basis:66.66%\">\n<p class=\"mb-05\"><strong>ADR 5.1<\/strong><\/p>\n\n\n\n<p class=\"mb-0\">oxidierende Fl\u00fcssigkeiten und Feststoffe<\/p>\n<\/div>\n<\/div>\n<\/div>\n\n\n\n<div class=\"wp-block-column is-layout-flow wp-block-column-is-layout-flow\">\n<div class=\"wp-block-columns is-not-stacked-on-mobile gap-1 inset-1 has-background is-layout-flex wp-container-core-columns-is-layout-9d6595d7 wp-block-columns-is-layout-flex\" style=\"background-color:#f3f3f3\">\n<div class=\"wp-block-column is-layout-flow wp-block-column-is-layout-flow\" style=\"flex-basis:87px\">\n<figure class=\"wp-block-image size-full is-resized mb-0\"><img loading=\"lazy\" decoding=\"async\" src=\"https:\/\/www.fa-maik.com\/wp-content\/uploads\/2022\/08\/strupene-snovi.svg\" alt=\"\" class=\"wp-image-540\" style=\"width:150px;height:150px\" width=\"150\" height=\"150\"\/><\/figure>\n<\/div>\n\n\n\n<div class=\"wp-block-column is-vertically-aligned-center is-layout-flow wp-block-column-is-layout-flow\" style=\"flex-basis:66.66%\">\n<p class=\"mb-05\"><strong>ADR 6.1<\/strong><\/p>\n\n\n\n<p class=\"mb-0\">akute Toxizit\u00e4t, Sensibilisierung der Atemwege<\/p>\n<\/div>\n<\/div>\n\n\n\n<div class=\"wp-block-columns is-not-stacked-on-mobile gap-1 inset-1 has-background is-layout-flex wp-container-core-columns-is-layout-9d6595d7 wp-block-columns-is-layout-flex\" style=\"background-color:#f3f3f3\">\n<div class=\"wp-block-column is-layout-flow wp-block-column-is-layout-flow\" style=\"flex-basis:87px\">\n<figure class=\"wp-block-image size-full is-resized mb-0\"><img loading=\"lazy\" decoding=\"async\" src=\"https:\/\/www.fa-maik.com\/wp-content\/uploads\/2022\/08\/okolku-nevarne-snovi.svg\" alt=\"\" class=\"wp-image-538\" style=\"width:150px;height:150px\" width=\"150\" height=\"150\"\/><\/figure>\n<\/div>\n\n\n\n<div class=\"wp-block-column is-vertically-aligned-center is-layout-flow wp-block-column-is-layout-flow\" style=\"flex-basis:66.66%\">\n<p class=\"mb-05\"><strong>ADR 6.1<\/strong><\/p>\n\n\n\n<p class=\"mb-0\">gef\u00e4hrlich f\u00fcr die aquatische Umwelt<\/p>\n<\/div>\n<\/div>\n\n\n\n<div class=\"wp-block-columns is-not-stacked-on-mobile gap-1 inset-1 has-background is-layout-flex wp-container-core-columns-is-layout-9d6595d7 wp-block-columns-is-layout-flex\" style=\"background-color:#f3f3f3\">\n<div class=\"wp-block-column is-layout-flow wp-block-column-is-layout-flow\" style=\"flex-basis:87px\">\n<figure class=\"wp-block-image size-full is-resized mb-0\"><img loading=\"lazy\" decoding=\"async\" src=\"https:\/\/www.fa-maik.com\/wp-content\/uploads\/2022\/08\/jedke-snovi.svg\" alt=\"\" class=\"wp-image-537\" style=\"width:150px;height:150px\" width=\"150\" height=\"150\"\/><\/figure>\n<\/div>\n\n\n\n<div class=\"wp-block-column is-vertically-aligned-center is-layout-flow wp-block-column-is-layout-flow\" style=\"flex-basis:66.66%\">\n<p class=\"mb-05\"><strong>ADR 8<\/strong><\/p>\n\n\n\n<p class=\"mb-0\">\u00e4tzende Stoffe<\/p>\n<\/div>\n<\/div>\n<\/div>\n<\/div>\n<\/div>\n<\/div>\n<\/div>\n<\/div>\n<\/div><\/div>\n\n<div class=\"wp-block-group ptb-7 padd-0 hide-on-mobile hide-on-desktop hide-on-talbet\"><div class=\"wp-block-group__inner-container is-layout-flow wp-block-group-is-layout-flow\">\n<h2 class=\"wp-block-heading\">INTERAKTIVE LAGERGRUNDRISSE<\/h2>\n<\/div><\/div>\n\n<div class=\"wp-block-group padd-0\"><div class=\"wp-block-group__inner-container is-layout-flow wp-block-group-is-layout-flow\">\n<h3 class=\"wp-block-heading mb-2\">STOLZER BESITZER <strong>IHRES <\/strong>ZERTIFIKATS<\/h3>\n<\/div><\/div>\n\n<div class=\"wp-block-columns relative mb-0 is-layout-flex wp-container-core-columns-is-layout-9d6595d7 wp-block-columns-is-layout-flex\">\n<div class=\"wp-block-column ptb-7 before-bg sm-full-width-1 before-bg1 has-background is-layout-flow wp-block-column-is-layout-flow\" style=\"background-color:#f3f3f3;flex-basis:100%\">\n<div class=\"wp-block-columns mb-0 md-gap-4 is-layout-flex wp-container-core-columns-is-layout-9d6595d7 wp-block-columns-is-layout-flex\">\n<div class=\"wp-block-column mb-0 is-layout-flow wp-block-column-is-layout-flow\" style=\"flex-basis:100%\">\n<div class=\"wp-block-group mb-0\"><div class=\"wp-block-group__inner-container is-layout-flow wp-block-group-is-layout-flow\">\n<div class=\"wp-block-columns are-vertically-aligned-center is-not-stacked-on-mobile mb-0 sm-mb-3 is-layout-flex wp-container-core-columns-is-layout-9d6595d7 wp-block-columns-is-layout-flex\">\n<div class=\"wp-block-column is-vertically-aligned-center is-layout-flow wp-block-column-is-layout-flow\">\n<figure class=\"wp-block-image size-full is-resized sm-center mb-2\"><img loading=\"lazy\" decoding=\"async\" src=\"https:\/\/www.fa-maik.com\/wp-content\/uploads\/2022\/08\/seveso.png\" alt=\"\" class=\"wp-image-518\" style=\"width:315px;height:65px\" width=\"315\" height=\"65\" srcset=\"https:\/\/fa-maik.com\/wp-content\/uploads\/2022\/08\/seveso.png 315w, https:\/\/fa-maik.com\/wp-content\/uploads\/2022\/08\/seveso-300x62.png 300w\" sizes=\"auto, (max-width: 315px) 100vw, 315px\" \/><\/figure>\n\n\n\n<p style=\"font-size:16px\"><strong>Die Seveso-Katastrophe<\/strong> ist ein Industrieunfall, der sich am 10. Am 9. Juli 1976 gegen 00:37 Uhr in einer Chemiefabrik etwa 15 km n\u00f6rdlich von Mailand, Lombardei, Italien. Sie verursachte die h\u00f6chste bekannte Belastung mit <a href=\"https:\/\/sl.wikipedia.org\/wiki\/2,3,7,8-tetraklordibenzodioksin\">2,3,7,8-Tetrachlordibenzo-p-dioxin<\/a> (TCDD) in der Region<a href=\"https:\/\/sl.wikipedia.org\/wiki\/Katastrofa_v_Sevesu#cite_note-1\">\n  <sup>[1]<\/sup>\n<\/a>was zu zahlreichen wissenschaftlichen Studien und standardisierten Sicherheitsvorschriften der Industrie gef\u00fchrt hat. Die EU-Arbeitsschutzvorschriften sind als Seveso-II-Richtlinien bekannt.<\/p>\n<\/div>\n<\/div>\n<\/div><\/div>\n\n\n\n<a href=\"https:\/\/fa-maik.com\/de\/kontakt\/#povprasevanje\">\n<button class=\"btn center hide-on-desktop\">\n\t\t<span class=\"text\">Be- und Entladen von B\u00fcchern<\/span>\n\t\t<div class=\"icon-container\">\n\t\t\t<div class=\"icon icon--left\">\n\t\t\t\t<svg>\n\t\t\t\t\t<use xlink:href=\"#arrow-right\"><\/use>\n\t\t\t\t<\/svg>\n\t\t\t<\/div>\n\t\t\t<div class=\"icon icon--right\">\n\t\t\t\t<svg>\n\t\t\t\t\t<use xlink:href=\"#arrow-right\"><\/use>\n\t\t\t\t<\/svg>\n\t\t\t<\/div>\n\t\t<\/div>\n\t<\/button>\n\n<svg style=\"display: none;\">\n\t<symbol id=\"arrow-right\" viewbox=\"0 0 20 10\">\n\t\t<path d=\"M14.84 0l-1.08 1.06 3.3 3.2H0v1.49h17.05l-3.3 3.2L14.84 10 20 5l-5.16-5z\"><\/path>\n\t<\/symbol>\n<\/svg>\n<\/a>\n<\/div>\n<\/div>\n<\/div>\n<\/div>\n","protected":false},"featured_media":0,"template":"","categories":[],"tags":[],"class_list":["post-2027","storitve","type-storitve","status-publish","hentry"],"_links":{"self":[{"href":"https:\/\/fa-maik.com\/de\/wp-json\/wp\/v2\/storitve\/2027","targetHints":{"allow":["GET"]}}],"collection":[{"href":"https:\/\/fa-maik.com\/de\/wp-json\/wp\/v2\/storitve"}],"about":[{"href":"https:\/\/fa-maik.com\/de\/wp-json\/wp\/v2\/types\/storitve"}],"wp:attachment":[{"href":"https:\/\/fa-maik.com\/de\/wp-json\/wp\/v2\/media?parent=2027"}],"wp:term":[{"taxonomy":"category","embeddable":true,"href":"https:\/\/fa-maik.com\/de\/wp-json\/wp\/v2\/categories?post=2027"},{"taxonomy":"post_tag","embeddable":true,"href":"https:\/\/fa-maik.com\/de\/wp-json\/wp\/v2\/tags?post=2027"}],"curies":[{"name":"wp","href":"https:\/\/api.w.org\/{rel}","templated":true}]}}